{"id":4322,"date":"2017-02-05T18:28:30","date_gmt":"2017-02-05T17:28:30","guid":{"rendered":"https:\/\/www.la-maison-d-elise.fr\/las-habitaciones\/"},"modified":"2017-02-05T18:28:36","modified_gmt":"2017-02-05T17:28:36","slug":"las-habitaciones","status":"publish","type":"page","link":"https:\/\/www.la-maison-d-elise.fr\/es\/las-habitaciones\/","title":{"rendered":"Las habitaciones"},"content":{"rendered":"<p>[et_pb_section admin_label=\u00bbsection\u00bb transparent_background=\u00bboff\u00bb allow_player_pause=\u00bboff\u00bb inner_shadow=\u00bboff\u00bb parallax=\u00bbon\u00bb parallax_method=\u00bboff\u00bb make_fullwidth=\u00bboff\u00bb use_custom_width=\u00bboff\u00bb width_unit=\u00bbon\u00bb make_equal=\u00bboff\u00bb use_custom_gutter=\u00bboff\u00bb][et_pb_row admin_label=\u00bbrow\u00bb][et_pb_column type=\u00bb4_4&#8243;][et_pb_text admin_label=\u00bbText\u00bb background_layout=\u00bblight\u00bb text_orientation=\u00bbcenter\u00bb use_border_color=\u00bboff\u00bb border_color=\u00bb#ffffff\u00bb border_style=\u00bbsolid\u00bb]<\/p>\n<h1>Las habitaciones de la maison d&#8217;Elise<\/h1>\n<p>&nbsp;<br \/>\n&nbsp;<br \/>\nNuestro B &#038; B tiene cuatro habitaciones disponibles para el alquiler en el coraz\u00f3n de la misteriosa ciudad de Rennes-le-ch\u00e2teau.<\/p>\n<p>&nbsp;<\/p>\n<p>[\/et_pb_text][et_pb_divider admin_label=\u00bbDivider\u00bb color=\u00bb#86b5c7&#8243; show_divider=\u00bbon\u00bb divider_style=\u00bbsolid\u00bb divider_position=\u00bbtop\u00bb hide_on_mobile=\u00bbon\u00bb]<\/p>\n<p>[\/et_pb_divider][\/et_pb_column][\/et_pb_row][et_pb_row admin_label=\u00bbRow\u00bb make_fullwidth=\u00bbon\u00bb use_custom_width=\u00bboff\u00bb width_unit=\u00bbon\u00bb use_custom_gutter=\u00bboff\u00bb allow_player_pause=\u00bboff\u00bb parallax=\u00bboff\u00bb parallax_method=\u00bboff\u00bb make_equal=\u00bboff\u00bb parallax_1=\u00bboff\u00bb parallax_method_1=\u00bboff\u00bb parallax_2=\u00bboff\u00bb parallax_method_2=\u00bboff\u00bb custom_margin=\u00bb20px||20px|\u00bb][et_pb_column type=\u00bb1_2&#8243;][et_pb_image admin_label=\u00bbImage\u00bb src=\u00bbhttps:\/\/la-maison-d-elise.fr\/wp-content\/uploads\/2017\/01\/ChambreBetanie.jpg\u00bb show_in_lightbox=\u00bboff\u00bb url_new_window=\u00bboff\u00bb use_overlay=\u00bbon\u00bb animation=\u00bbleft\u00bb sticky=\u00bboff\u00bb align=\u00bbright\u00bb force_fullwidth=\u00bboff\u00bb always_center_on_mobile=\u00bbon\u00bb use_border_color=\u00bboff\u00bb border_color=\u00bb#ffffff\u00bb border_style=\u00bbsolid\u00bb alt=\u00bbla habitaccion Bethanie en el B&amp;B de Rennes le chateau, la maison d&#8217;Elise\u00bb url=\u00bb#bethanie\u00bb]<\/p>\n<p>[\/et_pb_image][et_pb_image admin_label=\u00bbImage\u00bb src=\u00bbhttps:\/\/la-maison-d-elise.fr\/wp-content\/uploads\/2017\/01\/ChambreMagdala.jpg\u00bb show_in_lightbox=\u00bboff\u00bb url_new_window=\u00bboff\u00bb use_overlay=\u00bbon\u00bb animation=\u00bbleft\u00bb sticky=\u00bboff\u00bb align=\u00bbright\u00bb force_fullwidth=\u00bboff\u00bb always_center_on_mobile=\u00bbon\u00bb use_border_color=\u00bboff\u00bb border_color=\u00bb#ffffff\u00bb border_style=\u00bbsolid\u00bb disabled=\u00bboff\u00bb locked=\u00bboff\u00bb url=\u00bb#magdala\u00bb]<\/p>\n<p>[\/et_pb_image][\/et_pb_column][et_pb_column type=\u00bb1_2&#8243;][et_pb_image admin_label=\u00bbImage\u00bb src=\u00bbhttps:\/\/la-maison-d-elise.fr\/wp-content\/uploads\/2017\/01\/ChambreCardou.jpg\u00bb alt=\u00bbHabitacion Cardou en el B&amp;B Rennes le ch\u00e2teau\u00bb show_in_lightbox=\u00bboff\u00bb url_new_window=\u00bboff\u00bb use_overlay=\u00bbon\u00bb animation=\u00bbright\u00bb sticky=\u00bboff\u00bb align=\u00bbleft\u00bb force_fullwidth=\u00bboff\u00bb always_center_on_mobile=\u00bbon\u00bb use_border_color=\u00bboff\u00bb border_color=\u00bb#ffffff\u00bb border_style=\u00bbsolid\u00bb url=\u00bb#cardou\u00bb]<\/p>\n<p>[\/et_pb_image][et_pb_image admin_label=\u00bbImage\u00bb src=\u00bbhttps:\/\/la-maison-d-elise.fr\/wp-content\/uploads\/2017\/01\/ChambreChateau.jpg\u00bb alt=\u00bbHabitacion Cardou en el B&amp;B Rennes le ch\u00e2teau\u00bb show_in_lightbox=\u00bboff\u00bb url_new_window=\u00bboff\u00bb use_overlay=\u00bbon\u00bb animation=\u00bbright\u00bb sticky=\u00bboff\u00bb align=\u00bbleft\u00bb force_fullwidth=\u00bboff\u00bb always_center_on_mobile=\u00bbon\u00bb use_border_color=\u00bboff\u00bb border_color=\u00bb#ffffff\u00bb border_style=\u00bbsolid\u00bb url=\u00bb#chateau\u00bb]<\/p>\n<p>[\/et_pb_image][\/et_pb_column][\/et_pb_row][et_pb_row admin_label=\u00bbRow\u00bb make_fullwidth=\u00bboff\u00bb use_custom_width=\u00bboff\u00bb width_unit=\u00bbon\u00bb use_custom_gutter=\u00bboff\u00bb allow_player_pause=\u00bboff\u00bb parallax=\u00bboff\u00bb parallax_method=\u00bboff\u00bb make_equal=\u00bboff\u00bb parallax_1=\u00bboff\u00bb parallax_method_1=\u00bboff\u00bb parallax_2=\u00bboff\u00bb parallax_method_2=\u00bboff\u00bb module_id=\u00bbbethanie\u00bb][et_pb_column type=\u00bb4_4&#8243;][et_pb_divider admin_label=\u00bbDivider\u00bb color=\u00bb#86b5c7&#8243; show_divider=\u00bbon\u00bb divider_style=\u00bbsolid\u00bb divider_position=\u00bbtop\u00bb hide_on_mobile=\u00bbon\u00bb]<\/p>\n<p>[\/et_pb_divider][\/et_pb_column][\/et_pb_row][et_pb_row admin_label=\u00bbRow\u00bb make_fullwidth=\u00bboff\u00bb use_custom_width=\u00bboff\u00bb width_unit=\u00bbon\u00bb use_custom_gutter=\u00bboff\u00bb allow_player_pause=\u00bboff\u00bb parallax=\u00bboff\u00bb parallax_method=\u00bboff\u00bb make_equal=\u00bboff\u00bb parallax_1=\u00bboff\u00bb parallax_method_1=\u00bboff\u00bb parallax_2=\u00bboff\u00bb parallax_method_2=\u00bboff\u00bb module_id=\u00bbbethanie\u00bb][et_pb_column type=\u00bb1_2&#8243;][et_pb_image admin_label=\u00bbImage\u00bb show_in_lightbox=\u00bboff\u00bb url_new_window=\u00bboff\u00bb use_overlay=\u00bboff\u00bb animation=\u00bbleft\u00bb sticky=\u00bboff\u00bb align=\u00bbleft\u00bb force_fullwidth=\u00bboff\u00bb always_center_on_mobile=\u00bbon\u00bb use_border_color=\u00bboff\u00bb border_color=\u00bb#ffffff\u00bb border_style=\u00bbsolid\u00bb src=\u00bbhttps:\/\/la-maison-d-elise.fr\/wp-content\/uploads\/2017\/01\/Chambre_Bethanie-lit.jpg\u00bb]<\/p>\n<p>[\/et_pb_image][\/et_pb_column][et_pb_column type=\u00bb1_2&#8243;][et_pb_text admin_label=\u00bbText\u00bb background_layout=\u00bblight\u00bb text_orientation=\u00bbleft\u00bb use_border_color=\u00bboff\u00bb border_color=\u00bb#ffffff\u00bb border_style=\u00bbsolid\u00bb]<\/p>\n<h2>La habitaci\u00f3n B\u00e9thanie<\/h2>\n<p>&nbsp;<br \/>\nSu nombre se deriva de la hermosa villa construida como el Abb\u00e9 Sauni\u00e8re para recibir sus muchos invitados.<br \/>\n&nbsp;<\/p>\n<h3>Comodidades :<\/h3>\n<ul>\n \t<Li> <strong> Una cama doble 140 <\/ strong> <\/ li><br \/>\n\u00a0 <Li> <strong> Habitaci\u00f3n con una llave para bloquear el acceso cuando salga <\/ strong> <\/ li><br \/>\n\u00a0 <Li> <strong> Ropa de cama disponible <\/ strong> <\/ li><br \/>\n\u00a0 <Li> <strong> Un cuarto de ba\u00f1o <\/ strong> <\/ li><br \/>\n\u00a0 <Li> <strong> Un televisor de pantalla plana <\/ strong> <\/ li><br \/>\n\u00a0 <Li> <strong> Wi-Fi gratis <\/ strong> <\/ li>\n<\/ul>\n<p>Una puerta de comunicaci\u00f3n le dar\u00e1 acceso a otro dormitorio (cama doble) con <strong> armario y escritorio <\/ strong> .Se da a la peque\u00f1a calle de la antigua iglesia St Pierre. Con dos habitaciones separadas, un espacio de ba\u00f1o y de almacenamiento es <strong> el espacio perfecto para una pareja y los ni\u00f1os! <\/ Strong><\/p>\n<p>Por favor, consultar<a href=\"https:\/\/www.la-maison-d-elise.fr\/es\/precios\/\"> los precios<\/a> de la habitaci\u00f3n Bethanie.<\/p>\n<p>[\/et_pb_text][\/et_pb_column][\/et_pb_row][et_pb_row admin_label=\u00bbRow\u00bb make_fullwidth=\u00bboff\u00bb use_custom_width=\u00bboff\u00bb width_unit=\u00bbon\u00bb use_custom_gutter=\u00bboff\u00bb allow_player_pause=\u00bboff\u00bb parallax=\u00bboff\u00bb parallax_method=\u00bboff\u00bb make_equal=\u00bboff\u00bb parallax_1=\u00bboff\u00bb parallax_method_1=\u00bboff\u00bb parallax_2=\u00bboff\u00bb parallax_method_2=\u00bboff\u00bb module_id=\u00bbbethanie\u00bb][et_pb_column type=\u00bb1_3&#8243;][et_pb_image admin_label=\u00bbImage\u00bb src=\u00bbhttps:\/\/la-maison-d-elise.fr\/wp-content\/uploads\/2017\/01\/Bethanie-lit.jpg\u00bb show_in_lightbox=\u00bboff\u00bb url_new_window=\u00bboff\u00bb use_overlay=\u00bboff\u00bb animation=\u00bbfade_in\u00bb sticky=\u00bbon\u00bb align=\u00bbcenter\u00bb force_fullwidth=\u00bboff\u00bb always_center_on_mobile=\u00bbon\u00bb use_border_color=\u00bboff\u00bb border_color=\u00bb#ffffff\u00bb border_style=\u00bbsolid\u00bb]<\/p>\n<p>[\/et_pb_image][\/et_pb_column][et_pb_column type=\u00bb1_3&#8243;][et_pb_image admin_label=\u00bbImage\u00bb src=\u00bbhttps:\/\/la-maison-d-elise.fr\/wp-content\/uploads\/2017\/01\/bethanie-bureau.jpg\u00bb show_in_lightbox=\u00bboff\u00bb url_new_window=\u00bboff\u00bb use_overlay=\u00bboff\u00bb animation=\u00bbfade_in\u00bb sticky=\u00bbon\u00bb align=\u00bbcenter\u00bb force_fullwidth=\u00bboff\u00bb always_center_on_mobile=\u00bbon\u00bb use_border_color=\u00bboff\u00bb border_color=\u00bb#ffffff\u00bb border_style=\u00bbsolid\u00bb]<\/p>\n<p>[\/et_pb_image][et_pb_cta admin_label=\u00bbCall To Action\u00bb url_new_window=\u00bboff\u00bb button_text=\u00bbReservar !\u00bb use_background_color=\u00bbon\u00bb background_color=\u00bbrgba(134,181,199,0)\u00bb background_layout=\u00bbdark\u00bb text_orientation=\u00bbcenter\u00bb use_border_color=\u00bboff\u00bb border_color=\u00bb#ffffff\u00bb border_style=\u00bbsolid\u00bb custom_button=\u00bbon\u00bb button_letter_spacing=\u00bb0&#8243; button_use_icon=\u00bbdefault\u00bb button_icon_placement=\u00bbright\u00bb button_on_hover=\u00bbon\u00bb button_letter_spacing_hover=\u00bb0&#8243; body_line_height=\u00bb1em\u00bb button_url=\u00bbhttps:\/\/www.la-maison-d-elise.fr\/es\/precios#reservation\u00bb button_text_color=\u00bb#ffffff\u00bb button_bg_color=\u00bb#86b5c7&#8243; button_font=\u00bbCalligraffitti|on|||\u00bb button_icon=\u00bb%%130%%\u00bb button_icon_color=\u00bb#112a42&#8243; button_text_color_hover=\u00bb#112a42&#8243; button_bg_color_hover=\u00bb#86b5c7&#8243; button_border_color_hover=\u00bb#112a42&#8243; button_text_size=\u00bb30&#8243;]<\/p>\n<p>[\/et_pb_cta][\/et_pb_column][et_pb_column type=\u00bb1_3&#8243;][et_pb_image admin_label=\u00bbImage\u00bb src=\u00bbhttps:\/\/la-maison-d-elise.fr\/wp-content\/uploads\/2017\/01\/bethanie-sdb.jpg\u00bb show_in_lightbox=\u00bboff\u00bb url_new_window=\u00bboff\u00bb use_overlay=\u00bboff\u00bb animation=\u00bbfade_in\u00bb sticky=\u00bbon\u00bb align=\u00bbcenter\u00bb force_fullwidth=\u00bboff\u00bb always_center_on_mobile=\u00bbon\u00bb use_border_color=\u00bboff\u00bb border_color=\u00bb#ffffff\u00bb border_style=\u00bbsolid\u00bb]<\/p>\n<p>[\/et_pb_image][\/et_pb_column][\/et_pb_row][et_pb_row admin_label=\u00bbrow\u00bb][et_pb_column type=\u00bb4_4&#8243;][et_pb_divider admin_label=\u00bbDivider\u00bb color=\u00bb#86b5c7&#8243; show_divider=\u00bbon\u00bb divider_style=\u00bbsolid\u00bb divider_position=\u00bbtop\u00bb hide_on_mobile=\u00bbon\u00bb]<\/p>\n<p>[\/et_pb_divider][\/et_pb_column][\/et_pb_row][et_pb_row admin_label=\u00bbRow\u00bb make_fullwidth=\u00bboff\u00bb use_custom_width=\u00bboff\u00bb width_unit=\u00bbon\u00bb use_custom_gutter=\u00bboff\u00bb allow_player_pause=\u00bboff\u00bb parallax=\u00bboff\u00bb parallax_method=\u00bboff\u00bb make_equal=\u00bboff\u00bb parallax_1=\u00bboff\u00bb parallax_method_1=\u00bboff\u00bb parallax_2=\u00bboff\u00bb parallax_method_2=\u00bboff\u00bb module_id=\u00bbbethanie\u00bb custom_margin=\u00bb-10px|||\u00bb][et_pb_column type=\u00bb2_3&#8243;][et_pb_text admin_label=\u00bbText\u00bb background_layout=\u00bblight\u00bb text_orientation=\u00bbleft\u00bb use_border_color=\u00bboff\u00bb border_color=\u00bb#ffffff\u00bb border_style=\u00bbsolid\u00bb custom_padding=\u00bb|||20px\u00bb]<\/p>\n<h2>La habitaci\u00f3n Cardou<\/h2>\n<p>&nbsp;<br \/>\nToma su nombre de la enigm\u00e1tica e imponente monta\u00f1a Cardou este de Rennes-le-Chateau.<br \/>\n&nbsp;<\/p>\n<h3>Comodidades :<\/h3>\n<ul>\n \t<Li> <strong> Una cama doble 140 <\/ strong> <\/ li><br \/>\n\u00a0 <Li> <strong> Habitaci\u00f3n con una llave para bloquear el acceso cuando salga <\/ strong> <\/ li><br \/>\n\u00a0 <Li> <strong> Ropa de cama disponible <\/ strong> <\/ li><br \/>\n\u00a0 <Li> <strong> Un cuarto de ba\u00f1o <\/ strong> <\/ li><br \/>\n\u00a0 <Li> <strong> Un televisor de pantalla plana <\/ strong> <\/ li><br \/>\n\u00a0 <Li> <strong> Wi-Fi gratis <\/ strong> <\/ li>\n<\/ul>\n<p>&nbsp;<\/p>\n<p>Por favor, consultar<a href=\"https:\/\/www.la-maison-d-elise.fr\/es\/precios\/\"> los precios<\/a> de la habitaci\u00f3n Cardou.<\/p>\n<p>[\/et_pb_text][\/et_pb_column][et_pb_column type=\u00bb1_3&#8243;][et_pb_cta admin_label=\u00bbCall To Action\u00bb url_new_window=\u00bboff\u00bb button_text=\u00bbReservar !\u00bb use_background_color=\u00bbon\u00bb background_color=\u00bbrgba(134,181,199,0)\u00bb background_layout=\u00bbdark\u00bb text_orientation=\u00bbcenter\u00bb use_border_color=\u00bboff\u00bb border_color=\u00bb#ffffff\u00bb border_style=\u00bbsolid\u00bb custom_button=\u00bbon\u00bb button_letter_spacing=\u00bb0&#8243; button_use_icon=\u00bbdefault\u00bb button_icon_placement=\u00bbright\u00bb button_on_hover=\u00bbon\u00bb button_letter_spacing_hover=\u00bb0&#8243; body_line_height=\u00bb1em\u00bb button_url=\u00bbhttps:\/\/www.la-maison-d-elise.fr\/es\/precios#reservation\u00bb button_text_color=\u00bb#ffffff\u00bb button_bg_color=\u00bb#86b5c7&#8243; button_font=\u00bbCalligraffitti|on|||\u00bb button_icon=\u00bb%%130%%\u00bb button_icon_color=\u00bb#112a42&#8243; button_text_color_hover=\u00bb#112a42&#8243; button_bg_color_hover=\u00bb#86b5c7&#8243; button_border_color_hover=\u00bb#112a42&#8243; button_text_size=\u00bb30&#8243;]<\/p>\n<p>[\/et_pb_cta][\/et_pb_column][\/et_pb_row][et_pb_row admin_label=\u00bbRow\u00bb make_fullwidth=\u00bboff\u00bb use_custom_width=\u00bboff\u00bb width_unit=\u00bbon\u00bb use_custom_gutter=\u00bboff\u00bb allow_player_pause=\u00bboff\u00bb parallax=\u00bboff\u00bb parallax_method=\u00bboff\u00bb make_equal=\u00bboff\u00bb parallax_1=\u00bboff\u00bb parallax_method_1=\u00bboff\u00bb parallax_2=\u00bboff\u00bb parallax_method_2=\u00bboff\u00bb module_id=\u00bbcardou\u00bb][et_pb_column type=\u00bb1_2&#8243;][et_pb_image admin_label=\u00bbImage\u00bb show_in_lightbox=\u00bboff\u00bb url_new_window=\u00bboff\u00bb use_overlay=\u00bboff\u00bb animation=\u00bbfade_in\u00bb sticky=\u00bbon\u00bb align=\u00bbcenter\u00bb force_fullwidth=\u00bboff\u00bb always_center_on_mobile=\u00bbon\u00bb use_border_color=\u00bboff\u00bb border_color=\u00bb#ffffff\u00bb border_style=\u00bbsolid\u00bb src=\u00bbhttps:\/\/la-maison-d-elise.fr\/wp-content\/uploads\/2017\/01\/Chambre_Cardou-lit.jpg\u00bb]<\/p>\n<p>[\/et_pb_image][\/et_pb_column][et_pb_column type=\u00bb1_2&#8243;][et_pb_image admin_label=\u00bbImage\u00bb src=\u00bbhttps:\/\/la-maison-d-elise.fr\/wp-content\/uploads\/2017\/01\/Chambre_Cardou-sde.jpg\u00bb show_in_lightbox=\u00bboff\u00bb url_new_window=\u00bboff\u00bb use_overlay=\u00bboff\u00bb animation=\u00bbfade_in\u00bb sticky=\u00bbon\u00bb align=\u00bbcenter\u00bb force_fullwidth=\u00bboff\u00bb always_center_on_mobile=\u00bbon\u00bb use_border_color=\u00bboff\u00bb border_color=\u00bb#ffffff\u00bb border_style=\u00bbsolid\u00bb]<\/p>\n<p>[\/et_pb_image][\/et_pb_column][\/et_pb_row][et_pb_row admin_label=\u00bbrow\u00bb][et_pb_column type=\u00bb4_4&#8243;][et_pb_divider admin_label=\u00bbDivider\u00bb color=\u00bb#86b5c7&#8243; show_divider=\u00bbon\u00bb divider_style=\u00bbsolid\u00bb divider_position=\u00bbtop\u00bb hide_on_mobile=\u00bbon\u00bb]<\/p>\n<p>[\/et_pb_divider][\/et_pb_column][\/et_pb_row][et_pb_row admin_label=\u00bbRow\u00bb make_fullwidth=\u00bboff\u00bb use_custom_width=\u00bboff\u00bb width_unit=\u00bbon\u00bb use_custom_gutter=\u00bboff\u00bb allow_player_pause=\u00bboff\u00bb parallax=\u00bboff\u00bb parallax_method=\u00bboff\u00bb make_equal=\u00bboff\u00bb parallax_1=\u00bboff\u00bb parallax_method_1=\u00bboff\u00bb parallax_2=\u00bboff\u00bb parallax_method_2=\u00bboff\u00bb module_id=\u00bbmagdala\u00bb][et_pb_column type=\u00bb1_2&#8243;][et_pb_image admin_label=\u00bbImage\u00bb show_in_lightbox=\u00bboff\u00bb url_new_window=\u00bboff\u00bb use_overlay=\u00bboff\u00bb animation=\u00bbleft\u00bb sticky=\u00bboff\u00bb align=\u00bbleft\u00bb force_fullwidth=\u00bboff\u00bb always_center_on_mobile=\u00bbon\u00bb use_border_color=\u00bboff\u00bb border_color=\u00bb#ffffff\u00bb border_style=\u00bbsolid\u00bb src=\u00bbhttps:\/\/la-maison-d-elise.fr\/wp-content\/uploads\/2017\/01\/Chambre_Magdala-lit.jpg\u00bb]<\/p>\n<p>[\/et_pb_image][\/et_pb_column][et_pb_column type=\u00bb1_2&#8243;][et_pb_text admin_label=\u00bbText\u00bb background_layout=\u00bblight\u00bb text_orientation=\u00bbleft\u00bb use_border_color=\u00bboff\u00bb border_color=\u00bb#ffffff\u00bb border_style=\u00bbsolid\u00bb custom_padding=\u00bb|||20px\u00bb]<\/p>\n<h2>La habitaci\u00f3n Magdala<\/h2>\n<p>&nbsp;<br \/>\nSu nombre proviene de la espl\u00e9ndida torre neog\u00f3tica que Sauni\u00e8re erigido en su campo en honor a Santa Mar\u00eda Magdalena.<br \/>\n&nbsp;<\/p>\n<h3>Comodidades :<\/h3>\n<ul>\n \t<Li> <strong> Una cama doble 140 <\/ strong> <\/ li><br \/>\n\u00a0 <Li> <strong> Habitaci\u00f3n con una llave para bloquear el acceso cuando salga <\/ strong> <\/ li><br \/>\n\u00a0 <Li> <strong> Ropa de cama disponible <\/ strong> <\/ li><br \/>\n\u00a0 <Li> <strong> Un cuarto de ba\u00f1o <\/ strong> <\/ li><br \/>\n\u00a0 <Li> <strong> Un televisor de pantalla plana <\/ strong> <\/ li><br \/>\n\u00a0 <Li> <strong> Wi-Fi gratis <\/ strong> <\/ li>\n<\/ul>\n<p>Por favor, consultar<a href=\"https:\/\/www.la-maison-d-elise.fr\/es\/precios\/\"> los precios<\/a> de la habitaci\u00f3n Magdala.<\/p>\n<p>[\/et_pb_text][\/et_pb_column][\/et_pb_row][et_pb_row admin_label=\u00bbRow\u00bb make_fullwidth=\u00bboff\u00bb use_custom_width=\u00bboff\u00bb width_unit=\u00bbon\u00bb use_custom_gutter=\u00bboff\u00bb allow_player_pause=\u00bboff\u00bb parallax=\u00bboff\u00bb parallax_method=\u00bboff\u00bb make_equal=\u00bboff\u00bb parallax_1=\u00bboff\u00bb parallax_method_1=\u00bboff\u00bb parallax_2=\u00bboff\u00bb parallax_method_2=\u00bboff\u00bb module_id=\u00bbbethanie\u00bb][et_pb_column type=\u00bb1_3&#8243;][et_pb_image admin_label=\u00bbImage\u00bb src=\u00bbhttps:\/\/la-maison-d-elise.fr\/wp-content\/uploads\/2017\/01\/Magdala-lit.jpg\u00bb show_in_lightbox=\u00bboff\u00bb url_new_window=\u00bboff\u00bb use_overlay=\u00bboff\u00bb animation=\u00bbfade_in\u00bb sticky=\u00bbon\u00bb align=\u00bbcenter\u00bb force_fullwidth=\u00bboff\u00bb always_center_on_mobile=\u00bbon\u00bb use_border_color=\u00bboff\u00bb border_color=\u00bb#ffffff\u00bb border_style=\u00bbsolid\u00bb]<\/p>\n<p>[\/et_pb_image][\/et_pb_column][et_pb_column type=\u00bb1_3&#8243;][et_pb_image admin_label=\u00bbImage\u00bb src=\u00bbhttps:\/\/la-maison-d-elise.fr\/wp-content\/uploads\/2017\/01\/Magdala-sdbain.jpg\u00bb show_in_lightbox=\u00bboff\u00bb url_new_window=\u00bboff\u00bb use_overlay=\u00bboff\u00bb animation=\u00bbfade_in\u00bb sticky=\u00bbon\u00bb align=\u00bbcenter\u00bb force_fullwidth=\u00bboff\u00bb always_center_on_mobile=\u00bbon\u00bb use_border_color=\u00bboff\u00bb border_color=\u00bb#ffffff\u00bb border_style=\u00bbsolid\u00bb]<\/p>\n<p>[\/et_pb_image][et_pb_cta admin_label=\u00bbCall To Action\u00bb url_new_window=\u00bboff\u00bb button_text=\u00bbReservar !\u00bb use_background_color=\u00bbon\u00bb background_color=\u00bbrgba(134,181,199,0)\u00bb background_layout=\u00bbdark\u00bb text_orientation=\u00bbcenter\u00bb use_border_color=\u00bboff\u00bb border_color=\u00bb#ffffff\u00bb border_style=\u00bbsolid\u00bb custom_button=\u00bbon\u00bb button_letter_spacing=\u00bb0&#8243; button_use_icon=\u00bbdefault\u00bb button_icon_placement=\u00bbright\u00bb button_on_hover=\u00bbon\u00bb button_letter_spacing_hover=\u00bb0&#8243; body_line_height=\u00bb1em\u00bb button_url=\u00bbhttps:\/\/www.la-maison-d-elise.fr\/es\/precios#reservation\u00bb button_text_color=\u00bb#ffffff\u00bb button_bg_color=\u00bb#86b5c7&#8243; button_font=\u00bbCalligraffitti|on|||\u00bb button_icon=\u00bb%%130%%\u00bb button_icon_color=\u00bb#112a42&#8243; button_text_color_hover=\u00bb#112a42&#8243; button_bg_color_hover=\u00bb#86b5c7&#8243; button_border_color_hover=\u00bb#112a42&#8243; button_text_size=\u00bb30&#8243;]<\/p>\n<p>[\/et_pb_cta][\/et_pb_column][et_pb_column type=\u00bb1_3&#8243;][et_pb_image admin_label=\u00bbImage\u00bb src=\u00bbhttps:\/\/la-maison-d-elise.fr\/wp-content\/uploads\/2017\/01\/Magdala-sde.jpg\u00bb show_in_lightbox=\u00bboff\u00bb url_new_window=\u00bboff\u00bb use_overlay=\u00bboff\u00bb animation=\u00bbfade_in\u00bb sticky=\u00bbon\u00bb align=\u00bbcenter\u00bb force_fullwidth=\u00bboff\u00bb always_center_on_mobile=\u00bbon\u00bb use_border_color=\u00bboff\u00bb border_color=\u00bb#ffffff\u00bb border_style=\u00bbsolid\u00bb]<\/p>\n<p>[\/et_pb_image][\/et_pb_column][\/et_pb_row][et_pb_row admin_label=\u00bbrow\u00bb][et_pb_column type=\u00bb4_4&#8243;][et_pb_divider admin_label=\u00bbDivider\u00bb color=\u00bb#86b5c7&#8243; show_divider=\u00bbon\u00bb divider_style=\u00bbsolid\u00bb divider_position=\u00bbtop\u00bb hide_on_mobile=\u00bbon\u00bb]<\/p>\n<p>[\/et_pb_divider][\/et_pb_column][\/et_pb_row][et_pb_row admin_label=\u00bbRow\u00bb make_fullwidth=\u00bboff\u00bb use_custom_width=\u00bboff\u00bb width_unit=\u00bbon\u00bb use_custom_gutter=\u00bboff\u00bb allow_player_pause=\u00bboff\u00bb parallax=\u00bboff\u00bb parallax_method=\u00bboff\u00bb make_equal=\u00bboff\u00bb parallax_1=\u00bboff\u00bb parallax_method_1=\u00bboff\u00bb parallax_2=\u00bboff\u00bb parallax_method_2=\u00bboff\u00bb module_id=\u00bbchateau\u00bb][et_pb_column type=\u00bb1_2&#8243;][et_pb_image admin_label=\u00bbImage\u00bb show_in_lightbox=\u00bboff\u00bb url_new_window=\u00bboff\u00bb use_overlay=\u00bboff\u00bb animation=\u00bbleft\u00bb sticky=\u00bboff\u00bb align=\u00bbleft\u00bb force_fullwidth=\u00bboff\u00bb always_center_on_mobile=\u00bbon\u00bb use_border_color=\u00bboff\u00bb border_color=\u00bb#ffffff\u00bb border_style=\u00bbsolid\u00bb src=\u00bbhttps:\/\/la-maison-d-elise.fr\/wp-content\/uploads\/2017\/01\/Chambre_du_chateau-lit.jpg\u00bb]<\/p>\n<p>[\/et_pb_image][\/et_pb_column][et_pb_column type=\u00bb1_2&#8243;][et_pb_text admin_label=\u00bbText\u00bb background_layout=\u00bblight\u00bb text_orientation=\u00bbleft\u00bb use_border_color=\u00bboff\u00bb border_color=\u00bb#ffffff\u00bb border_style=\u00bbsolid\u00bb]<\/p>\n<h2>La habitaci\u00f3n du Ch\u00e2teau<\/h2>\n<p>&nbsp;<br \/>\nSu nombre es un gui\u00f1o a la vista desde la habitaci\u00f3n: la torre oeste m\u00edtica del castillo de la villa. Siglo XIII, este magn\u00edfico castillo de tres torres de planta cuadrada y una torre circular es el trabajo de Baron d&#8217;Hautpoul, una de las familias m\u00e1s distinguidas de la nobleza de Languedoc. Ocho siglos despu\u00e9s, el castillo de Hautpoul siempre velar por los aldeanos.<br \/>\n&nbsp;<\/p>\n<h3>Comodidades :<\/h3>\n<ul>\n \t<Li> <strong> Una cama doble 160 <\/ strong> <\/ li><br \/>\n\u00a0 <Li> <strong> Habitaci\u00f3n con una llave para bloquear el acceso cuando salga <\/ strong> <\/ li><br \/>\n\u00a0 <Li> <strong> Ropa de cama disponible <\/ strong> <\/ li><br \/>\n\u00a0 <Li> <strong> Un cuarto de ba\u00f1o <\/ strong> <\/ li><br \/>\n\u00a0 <Li> <strong> Un televisor de pantalla plana <\/ strong> <\/ li><br \/>\n\u00a0 <Li> <strong> almacenamiento para que se sienta como en casa! <\/ Strong> <\/ li><br \/>\n\u00a0 <Li> <strong> Wi-Fi gratis <\/ strong> <\/ li>\n<\/ul>\n<p>Por favor, consultar<a href=\"https:\/\/www.la-maison-d-elise.fr\/es\/precios\/\"> los precios<\/a> de la habitaci\u00f3n du ch\u00e2teau.<\/p>\n<p>[\/et_pb_text][\/et_pb_column][\/et_pb_row][et_pb_row admin_label=\u00bbRow\u00bb make_fullwidth=\u00bboff\u00bb use_custom_width=\u00bboff\u00bb width_unit=\u00bbon\u00bb use_custom_gutter=\u00bboff\u00bb allow_player_pause=\u00bboff\u00bb parallax=\u00bboff\u00bb parallax_method=\u00bboff\u00bb make_equal=\u00bboff\u00bb parallax_1=\u00bboff\u00bb parallax_method_1=\u00bboff\u00bb parallax_2=\u00bboff\u00bb parallax_method_2=\u00bboff\u00bb module_id=\u00bbbethanie\u00bb][et_pb_column type=\u00bb1_3&#8243;][et_pb_image admin_label=\u00bbImage\u00bb src=\u00bbhttps:\/\/la-maison-d-elise.fr\/wp-content\/uploads\/2017\/01\/douche-chambre-chateaut.jpg\u00bb show_in_lightbox=\u00bboff\u00bb url_new_window=\u00bboff\u00bb use_overlay=\u00bboff\u00bb animation=\u00bbfade_in\u00bb sticky=\u00bbon\u00bb align=\u00bbcenter\u00bb force_fullwidth=\u00bboff\u00bb always_center_on_mobile=\u00bbon\u00bb use_border_color=\u00bboff\u00bb border_color=\u00bb#ffffff\u00bb border_style=\u00bbsolid\u00bb]<\/p>\n<p>[\/et_pb_image][\/et_pb_column][et_pb_column type=\u00bb1_3&#8243;][et_pb_image admin_label=\u00bbImage\u00bb src=\u00bbhttps:\/\/la-maison-d-elise.fr\/wp-content\/uploads\/2017\/01\/bureau-chambre-chateaut.jpg\u00bb show_in_lightbox=\u00bboff\u00bb url_new_window=\u00bboff\u00bb use_overlay=\u00bboff\u00bb animation=\u00bbfade_in\u00bb sticky=\u00bbon\u00bb align=\u00bbcenter\u00bb force_fullwidth=\u00bboff\u00bb always_center_on_mobile=\u00bbon\u00bb use_border_color=\u00bboff\u00bb border_color=\u00bb#ffffff\u00bb border_style=\u00bbsolid\u00bb alt=\u00bbdespacho en la habitaccion du chateau, en el B&amp;B en Rennes le chateau\u00bb]<\/p>\n<p>[\/et_pb_image][et_pb_cta admin_label=\u00bbCall To Action\u00bb url_new_window=\u00bboff\u00bb button_text=\u00bbReservar !\u00bb use_background_color=\u00bbon\u00bb background_color=\u00bbrgba(134,181,199,0)\u00bb background_layout=\u00bbdark\u00bb text_orientation=\u00bbcenter\u00bb use_border_color=\u00bboff\u00bb border_color=\u00bb#ffffff\u00bb border_style=\u00bbsolid\u00bb custom_button=\u00bbon\u00bb button_letter_spacing=\u00bb0&#8243; button_use_icon=\u00bbdefault\u00bb button_icon_placement=\u00bbright\u00bb button_on_hover=\u00bbon\u00bb button_letter_spacing_hover=\u00bb0&#8243; body_line_height=\u00bb1em\u00bb button_url=\u00bbhttps:\/\/www.la-maison-d-elise.fr\/es\/precios#reservation\u00bb button_text_color=\u00bb#ffffff\u00bb button_bg_color=\u00bb#86b5c7&#8243; button_font=\u00bbCalligraffitti|on|||\u00bb button_icon=\u00bb%%130%%\u00bb button_icon_color=\u00bb#112a42&#8243; button_text_color_hover=\u00bb#112a42&#8243; button_bg_color_hover=\u00bb#86b5c7&#8243; button_border_color_hover=\u00bb#112a42&#8243; button_text_size=\u00bb30&#8243;]<\/p>\n<p>[\/et_pb_cta][\/et_pb_column][et_pb_column type=\u00bb1_3&#8243;][et_pb_image admin_label=\u00bbImage\u00bb src=\u00bbhttps:\/\/la-maison-d-elise.fr\/wp-content\/uploads\/2017\/01\/vue-chambre-chateaut.jpg\u00bb show_in_lightbox=\u00bboff\u00bb url_new_window=\u00bboff\u00bb use_overlay=\u00bboff\u00bb animation=\u00bbfade_in\u00bb sticky=\u00bbon\u00bb align=\u00bbcenter\u00bb force_fullwidth=\u00bboff\u00bb always_center_on_mobile=\u00bbon\u00bb use_border_color=\u00bboff\u00bb border_color=\u00bb#ffffff\u00bb border_style=\u00bbsolid\u00bb alt=\u00bbLa vista desde la habitaci\u00f3n du chateau, B&amp;B en Rennes le chateau\u00bb]<\/p>\n<p>[\/et_pb_image][\/et_pb_column][\/et_pb_row][\/et_pb_section][et_pb_section admin_label=\u00bbSection\u00bb global_module=\u00bb4005&#8243; fullwidth=\u00bboff\u00bb specialty=\u00bboff\u00bb transparent_background=\u00bboff\u00bb allow_player_pause=\u00bboff\u00bb inner_shadow=\u00bboff\u00bb parallax=\u00bboff\u00bb parallax_method=\u00bboff\u00bb custom_padding=\u00bb0px||0px|\u00bb padding_mobile=\u00bbon\u00bb make_fullwidth=\u00bboff\u00bb use_custom_width=\u00bboff\u00bb width_unit=\u00bbon\u00bb make_equal=\u00bboff\u00bb use_custom_gutter=\u00bboff\u00bb background_color=\u00bb#86b5c7&#8243;][et_pb_row global_parent=\u00bb4005&#8243; admin_label=\u00bbRow\u00bb make_fullwidth=\u00bboff\u00bb use_custom_width=\u00bboff\u00bb width_unit=\u00bbon\u00bb use_custom_gutter=\u00bbon\u00bb gutter_width=\u00bb2&#8243; allow_player_pause=\u00bboff\u00bb parallax=\u00bboff\u00bb parallax_method=\u00bboff\u00bb make_equal=\u00bboff\u00bb parallax_1=\u00bboff\u00bb parallax_method_1=\u00bboff\u00bb column_padding_mobile=\u00bbon\u00bb custom_padding=\u00bb20px||20px|\u00bb parallax_2=\u00bboff\u00bb parallax_method_2=\u00bboff\u00bb parallax_3=\u00bboff\u00bb parallax_method_3=\u00bboff\u00bb][et_pb_column type=\u00bb1_2&#8243;][et_pb_text global_parent=\u00bb4005&#8243; admin_label=\u00bbText\u00bb background_layout=\u00bblight\u00bb text_orientation=\u00bbleft\u00bb text_font=\u00bbRaleway|on|||\u00bb text_font_size=\u00bb28&#8243; text_text_color=\u00bb#ffffff\u00bb text_line_height=\u00bb1.4em\u00bb use_border_color=\u00bboff\u00bb border_color=\u00bb#ffffff\u00bb border_style=\u00bbsolid\u00bb custom_margin=\u00bb||8px|\u00bb custom_css_main_element=\u00bbfont-weight: 900;\u00bb]<\/p>\n<h3>La maison d&#8217; Elise<\/h3>\n<p>[\/et_pb_text][et_pb_text global_parent=\u00bb4005&#8243; admin_label=\u00bbText\u00bb background_layout=\u00bbdark\u00bb text_orientation=\u00bbleft\u00bb text_font_size=\u00bb16&#8243; text_text_color=\u00bb#ffffff\u00bb text_line_height=\u00bb1.5em\u00bb use_border_color=\u00bboff\u00bb border_color=\u00bb#ffffff\u00bb border_style=\u00bbsolid\u00bb custom_padding=\u00bb0px|||\u00bb max_width=\u00bb300px\u00bb custom_margin=\u00bb||30px|\u00bb custom_margin_tablet=\u00bb||10px|\u00bb custom_margin_last_edited=\u00bbon|tablet\u00bb]&nbsp;<\/p>\n<h4> Casa de hu\u00e9spedes <\/h4>\n<h4>Estudio en Rennes le ch\u00e2teau<\/h4>\n<p><strong>Direcci\u00f3n : <\/strong><br \/>\nGrand rue<br \/>\n11 190 Rennes-le-Ch\u00e2teau<\/p>\n<p><strong>Tel\u00e9fono:<\/strong><br \/>\n+33 6  07 82 73 48<br \/>\n+33 4 68 20 66 72<br \/>\nReserva por tel\u00e9fono o <a href=\"https:\/\/www.la-maison-d-elise.fr\/es\/precios#reservation\"> formulario de contacto<\/a><br \/>\n[\/et_pb_text][\/et_pb_column][et_pb_column type=\u00bb1_4&#8243;][et_pb_text global_parent=\u00bb4005&#8243; admin_label=\u00bbText\u00bb background_layout=\u00bblight\u00bb text_orientation=\u00bbleft\u00bb text_font=\u00bbSource Sans Pro|on|||\u00bb text_font_size=\u00bb18&#8243; text_text_color=\u00bb#666666&#8243; text_line_height=\u00bb1.4em\u00bb use_border_color=\u00bboff\u00bb border_color=\u00bb#ffffff\u00bb border_style=\u00bbsolid\u00bb custom_margin=\u00bb||8px|\u00bb]&nbsp;<\/p>\n<h4> Casa de hu\u00e9spedes <\/h4>\n<h4>Estudio en Rennes le ch\u00e2teau<\/h4>\n<p><strong>Direcci\u00f3n : <\/strong><br \/>\nGrand rue<br \/>\n11 190 Rennes-le-Ch\u00e2teau<\/p>\n<p><strong>Tel\u00e9fono:<\/strong><br \/>\n+33 6  07 82 73 48<br \/>\n+33 4 68 20 66 72<br \/>\nReserva por tel\u00e9fono o <a href=\"https:\/\/www.la-maison-d-elise.fr\/es\/precios#reservation\"> formulario de contacto<\/a><br \/>\n[\/et_pb_text][et_pb_text global_parent=\u00bb4005&#8243; admin_label=\u00bbText\u00bb background_layout=\u00bbdark\u00bb text_orientation=\u00bbleft\u00bb text_text_color=\u00bb#ffffff\u00bb text_line_height=\u00bb2.2em\u00bb use_border_color=\u00bboff\u00bb border_color=\u00bb#ffffff\u00bb border_style=\u00bbsolid\u00bb custom_padding=\u00bb0px|||\u00bb]<\/p>\n<p>En coche :<br \/> <a href=\"https:\/\/www.google.com\/maps\/place\/42%C2%B055'39.8%22N+2%C2%B015'48.1%22E\/@42.9277222,2.2628139,19z\/data=!3m1!4b1!4m5!3m4!1s0x0:0x0!8m2!3d42.927723!4d2.263356?hl=fr-FR\" target=\"_blank\">Google  maps<\/a><\/p>\n<p> En tren :<br \/> <a href=\"https:\/\/www.ter.sncf.com\/languedoc-roussillon\" target=\"_blank\">TER Languedoc Roussillon<\/a><\/p>\n<p> Por avi\u00f3n :<br \/> <a href=\"http:\/\/www.aeroport-carcassonne.com\/\" target=\"_blank\">Aeropuerto de Carcassonne<\/a><br \/> <a href=\"http:\/\/www.toulouse.aeroport.fr\/\" target=\"_blank\"> Aeropuerto de Toulouse <\/a><br \/> <a href=\"http:\/\/www.montpellier.aeroport.fr\/fr\/passagers\" target=\"_blank\"> Aeropuerto de Montpellier<\/a><\/p>\n<p>[\/et_pb_text][\/et_pb_column][et_pb_column type=\u00bb1_4&#8243;][et_pb_text global_parent=\u00bb4005&#8243; admin_label=\u00bbText\u00bb background_layout=\u00bblight\u00bb text_orientation=\u00bbcenter\u00bb text_font=\u00bbSource Sans Pro|on|||\u00bb text_font_size=\u00bb18&#8243; text_text_color=\u00bb#666666&#8243; text_line_height=\u00bb1.4em\u00bb use_border_color=\u00bboff\u00bb border_color=\u00bb#ffffff\u00bb border_style=\u00bbsolid\u00bb custom_margin=\u00bb||8px|\u00bb]<\/p>\n<h3>Encontrarnos en :<\/h3>\n<p>[\/et_pb_text][et_pb_text global_parent=\u00bb4005&#8243; admin_label=\u00bbText\u00bb background_layout=\u00bblight\u00bb text_orientation=\u00bbleft\u00bb text_font=\u00bbSource Sans Pro||||\u00bb text_font_size=\u00bb18&#8243; text_text_color=\u00bb#ffffff\u00bb text_line_height=\u00bb2.2em\u00bb use_border_color=\u00bboff\u00bb border_color=\u00bb#ffffff\u00bb border_style=\u00bbsolid\u00bb custom_padding=\u00bb0px|||\u00bb]<\/p>\n<p>\u00a0<br \/> \u00a0<br \/> <a href=\"https:\/\/www.facebook.com\/La-maison-dElise-1822420821345245\/\" target=\"_blank\"><img decoding=\"async\" loading=\"lazy\" class=\"size-full wp-image-301 aligncenter\" src=\"https:\/\/www.la-maison-d-elise.fr\/wp-content\/uploads\/2017\/02\/011.png\" alt=\"facebook la maison d'Elise Rennes le ch\u00e2teau\" width=\"15\" height=\"27\" \/><\/a><\/p>\n<p style=\"text-align: center;\">et Tripadvisor<\/p>\n<p>[\/et_pb_text][\/et_pb_column][\/et_pb_row][\/et_pb_section][et_pb_section admin_label=\u00bbSection\u00bb global_module=\u00bb4006&#8243; fullwidth=\u00bboff\u00bb specialty=\u00bboff\u00bb transparent_background=\u00bboff\u00bb allow_player_pause=\u00bboff\u00bb inner_shadow=\u00bboff\u00bb parallax=\u00bboff\u00bb parallax_method=\u00bboff\u00bb custom_padding=\u00bb0px||0px|\u00bb padding_mobile=\u00bbon\u00bb make_fullwidth=\u00bboff\u00bb use_custom_width=\u00bboff\u00bb width_unit=\u00bbon\u00bb make_equal=\u00bboff\u00bb use_custom_gutter=\u00bboff\u00bb][et_pb_row global_parent=\u00bb4006&#8243; admin_label=\u00bbRow\u00bb make_fullwidth=\u00bbon\u00bb use_custom_width=\u00bboff\u00bb width_unit=\u00bbon\u00bb use_custom_gutter=\u00bbon\u00bb gutter_width=\u00bb1&#8243; padding_mobile=\u00bbon\u00bb allow_player_pause=\u00bboff\u00bb parallax=\u00bboff\u00bb parallax_method=\u00bboff\u00bb make_equal=\u00bboff\u00bb parallax_1=\u00bboff\u00bb parallax_method_1=\u00bboff\u00bb column_padding_mobile=\u00bbon\u00bb custom_padding=\u00bb0px||0px|\u00bb][et_pb_column type=\u00bb4_4&#8243;][et_pb_map global_parent=\u00bb4006&#8243; admin_label=\u00bbMap\u00bb address=\u00bbGrand Rue, 11190 Rennes-le-Ch\u00e2teau, France\u00bb zoom_level=\u00bb16&#8243; address_lat=\u00bb42.927689329885375&#8243; address_lng=\u00bb2.2633710324019995&#8243; mouse_wheel=\u00bboff\u00bb use_grayscale_filter=\u00bboff\u00bb grayscale_filter_amount=\u00bb100&#8243; mobile_dragging=\u00bbon\u00bb]<\/p>\n<p>[et_pb_map_pin pin_address=\u00bb19 Grand Rue, 11190 Rennes-le-Ch\u00e2teau, France\u00bb pin_address_lat=\u00bb42.927699504702744&#8243; pin_address_lng=\u00bb2.2633190853194947&#8243; title=\u00bbLa maison d&#8217;Elise\u00bb] [\/et_pb_map_pin]<\/p>\n<p>[\/et_pb_map][\/et_pb_column][\/et_pb_row][\/et_pb_section]<\/p>\n","protected":false},"excerpt":{"rendered":"<p>Las habitaciones de la maison d&#8217;Elise &nbsp; &nbsp; Nuestro B &#038; B tiene cuatro habitaciones disponibles para el alquiler en el coraz\u00f3n de la misteriosa ciudad de Rennes-le-ch\u00e2teau. &nbsp; La habitaci\u00f3n B\u00e9thanie &nbsp; Su nombre se deriva de la hermosa villa construida como el Abb\u00e9 Sauni\u00e8re para recibir sus muchos invitados. &nbsp; Comodidades : Una [&hellip;]<\/p>\n","protected":false},"author":1,"featured_media":0,"parent":0,"menu_order":0,"comment_status":"closed","ping_status":"closed","template":"","meta":{"_et_pb_use_builder":"on","_et_pb_old_content":"","_et_gb_content_width":""},"aioseo_notices":[],"_links":{"self":[{"href":"https:\/\/www.la-maison-d-elise.fr\/es\/wp-json\/wp\/v2\/pages\/4322"}],"collection":[{"href":"https:\/\/www.la-maison-d-elise.fr\/es\/wp-json\/wp\/v2\/pages"}],"about":[{"href":"https:\/\/www.la-maison-d-elise.fr\/es\/wp-json\/wp\/v2\/types\/page"}],"author":[{"embeddable":true,"href":"https:\/\/www.la-maison-d-elise.fr\/es\/wp-json\/wp\/v2\/users\/1"}],"replies":[{"embeddable":true,"href":"https:\/\/www.la-maison-d-elise.fr\/es\/wp-json\/wp\/v2\/comments?post=4322"}],"version-history":[{"count":0,"href":"https:\/\/www.la-maison-d-elise.fr\/es\/wp-json\/wp\/v2\/pages\/4322\/revisions"}],"wp:attachment":[{"href":"https:\/\/www.la-maison-d-elise.fr\/es\/wp-json\/wp\/v2\/media?parent=4322"}],"curies":[{"name":"wp","href":"https:\/\/api.w.org\/{rel}","templated":true}]}}