{"id":4354,"date":"2017-02-05T18:47:38","date_gmt":"2017-02-05T17:47:38","guid":{"rendered":"https:\/\/www.la-maison-d-elise.fr\/el-estudio\/"},"modified":"2017-02-06T16:21:23","modified_gmt":"2017-02-06T15:21:23","slug":"el-estudio","status":"publish","type":"page","link":"https:\/\/www.la-maison-d-elise.fr\/es\/el-estudio\/","title":{"rendered":"El estudio"},"content":{"rendered":"<p>[et_pb_section admin_label=\u00bbsection\u00bb][et_pb_row admin_label=\u00bbrow\u00bb][et_pb_column type=\u00bb4_4&#8243;][et_pb_text admin_label=\u00bbText\u00bb background_layout=\u00bblight\u00bb text_orientation=\u00bbleft\u00bb use_border_color=\u00bboff\u00bb border_color=\u00bb#ffffff\u00bb border_style=\u00bbsolid\u00bb]<\/p>\n<h1>El estudio a la maison d&#8217;Elise<\/h1>\n<p>[\/et_pb_text][et_pb_text admin_label=\u00bbText\u00bb background_layout=\u00bblight\u00bb text_orientation=\u00bbleft\u00bb use_border_color=\u00bboff\u00bb border_color=\u00bb#ffffff\u00bb border_style=\u00bbsolid\u00bb]&nbsp;<\/p>\n<p>Ofrece la posibilidad de alquilar un estudio en la semana una capacidad de cuatro.<\/p>\n<p>La entrada al estudio es a trav\u00e9s de la calle principal en frente del Castillo. Est\u00e1 totalmente equipado para ofrecerle la mayor comodidad posible. Se compone de la planta baja de una agradable sala de estar y una cocina totalmente equipada. La noche y el cuarto de ba\u00f1o consta de una ducha y aseo se encuentran en un altillo.[\/et_pb_text][\/et_pb_column][\/et_pb_row][et_pb_row admin_label=\u00bbRow\u00bb][et_pb_column type=\u00bb1_2&#8243;][et_pb_image admin_label=\u00bbImage\u00bb show_in_lightbox=\u00bboff\u00bb url_new_window=\u00bboff\u00bb use_overlay=\u00bboff\u00bb animation=\u00bbleft\u00bb sticky=\u00bboff\u00bb align=\u00bbcenter\u00bb force_fullwidth=\u00bboff\u00bb always_center_on_mobile=\u00bbon\u00bb use_border_color=\u00bboff\u00bb border_color=\u00bb#ffffff\u00bb border_style=\u00bbsolid\u00bb src=\u00bbhttps:\/\/www.la-maison-d-elise.fr\/wp-content\/uploads\/2017\/01\/gite-maison-elise.jpg\u00bb]<\/p>\n<p>[\/et_pb_image][\/et_pb_column][et_pb_column type=\u00bb1_2&#8243;][et_pb_text admin_label=\u00bbText\u00bb background_layout=\u00bblight\u00bb text_orientation=\u00bbleft\u00bb use_border_color=\u00bboff\u00bb border_color=\u00bb#ffffff\u00bb border_style=\u00bbsolid\u00bb custom_padding=\u00bb|||20px\u00bb]<H2> Instalaciones: <\/h2>\n<p>&nbsp;<br \/>\n<Ul><br \/>\n\u00a0 <Li> doble cama<\/li>\n<p>\u00a0 <Li> Posibilidad de a\u00f1adir otra cama supletoria bajo petici\u00f3n y sin coste adicional para una capacidad de 4 personas <\/li>\n<p>\u00a0 <Li>TV <\/li>\n<p>\u00a0 <Li> Wireless<\/li>\n<p>\u00a0 <Li> Cocina totalmente equipada con horno, vitrocer\u00e1mica, frigor\u00edfico, lavavajillas, campana extractora, espacio de almacenamiento, caf\u00e9<\/li>\n<p>\u00a0 <Li>Ropa de cama y toallas no incluidas, pero se pueden alquilar por 20 euros por semana<\/li>\n<p>\u00a0 <Li>Armario<\/li>\n<p>\u00a0 <Li>Sof\u00e1<\/li>\n<p>\u00a0 <Li>bar con taburetes<\/li>\n<p>\u00a0 <Li>Lavadora<\/li>\n<p>\u00a0 <Li>Lavavajillas<\/li>\n<p>\u00a0 <Li>Instalaciones de limpieza<\/li>\n<p><\/Ul>[\/et_pb_text][\/et_pb_column][\/et_pb_row][et_pb_row admin_label=\u00bbRow\u00bb][et_pb_column type=\u00bb1_3&#8243;][et_pb_image admin_label=\u00bbImage\u00bb src=\u00bbhttps:\/\/www.la-maison-d-elise.fr\/wp-content\/uploads\/2017\/01\/gitesalon.jpg\u00bb show_in_lightbox=\u00bboff\u00bb url_new_window=\u00bboff\u00bb use_overlay=\u00bboff\u00bb animation=\u00bbfade_in\u00bb sticky=\u00bboff\u00bb align=\u00bbleft\u00bb force_fullwidth=\u00bboff\u00bb always_center_on_mobile=\u00bbon\u00bb use_border_color=\u00bboff\u00bb border_color=\u00bb#ffffff\u00bb border_style=\u00bbsolid\u00bb]<\/p>\n<p>[\/et_pb_image][\/et_pb_column][et_pb_column type=\u00bb1_3&#8243;][et_pb_image admin_label=\u00bbImage\u00bb src=\u00bbhttps:\/\/www.la-maison-d-elise.fr\/wp-content\/uploads\/2017\/01\/gite-chambre.jpg\u00bb show_in_lightbox=\u00bboff\u00bb url_new_window=\u00bboff\u00bb use_overlay=\u00bboff\u00bb animation=\u00bbfade_in\u00bb sticky=\u00bboff\u00bb align=\u00bbleft\u00bb force_fullwidth=\u00bboff\u00bb always_center_on_mobile=\u00bbon\u00bb use_border_color=\u00bboff\u00bb border_color=\u00bb#ffffff\u00bb border_style=\u00bbsolid\u00bb]<\/p>\n<p>[\/et_pb_image][\/et_pb_column][et_pb_column type=\u00bb1_3&#8243;][et_pb_image admin_label=\u00bbImage\u00bb src=\u00bbhttps:\/\/www.la-maison-d-elise.fr\/wp-content\/uploads\/2017\/01\/gite-salonmaison-elise.jpg\u00bb show_in_lightbox=\u00bboff\u00bb url_new_window=\u00bboff\u00bb use_overlay=\u00bboff\u00bb animation=\u00bbfade_in\u00bb sticky=\u00bboff\u00bb align=\u00bbleft\u00bb force_fullwidth=\u00bboff\u00bb always_center_on_mobile=\u00bbon\u00bb use_border_color=\u00bboff\u00bb border_color=\u00bb#ffffff\u00bb border_style=\u00bbsolid\u00bb]<\/p>\n<p>[\/et_pb_image][\/et_pb_column][\/et_pb_row][et_pb_row admin_label=\u00bbRow\u00bb][et_pb_column type=\u00bb1_2&#8243;][et_pb_text admin_label=\u00bbText\u00bb background_layout=\u00bblight\u00bb text_orientation=\u00bbleft\u00bb use_border_color=\u00bboff\u00bb border_color=\u00bb#ffffff\u00bb border_style=\u00bbsolid\u00bb]Por favor, visite <a href=\"https:\/\/www.la-maison-d-elise.fr\/es\/precios\/\"> los precios<\/a> del estudio, alquileres semanales.<br \/>\nLos desayunos no est\u00e1n incluidos en las tarifas semanales.<br \/>\nEl precio no incluye el hogar, tendr\u00e1 que ser due\u00f1o de alquiler como lo encontr\u00f3.<br \/>\nSi este no es el caso, 60 euros para la limpieza se le cobrar\u00e1 extra.[\/et_pb_text][\/et_pb_column][et_pb_column type=\u00bb1_2&#8243;][et_pb_cta admin_label=\u00bbCall To Action\u00bb button_url=\u00bbhttps:\/\/www.la-maison-d-elise.fr\/es\/precios#reservation\u00bb url_new_window=\u00bboff\u00bb button_text=\u00bbReservar !\u00bb use_background_color=\u00bbon\u00bb background_color=\u00bb#ffffff\u00bb background_layout=\u00bbdark\u00bb text_orientation=\u00bbleft\u00bb use_border_color=\u00bboff\u00bb border_color=\u00bb#ffffff\u00bb border_style=\u00bbsolid\u00bb custom_button=\u00bboff\u00bb button_letter_spacing=\u00bb0&#8243; button_use_icon=\u00bbdefault\u00bb button_icon_placement=\u00bbright\u00bb button_on_hover=\u00bbon\u00bb button_letter_spacing_hover=\u00bb0&#8243; body_font=\u00bbCalligraffitti|on|||\u00bb]<\/p>\n<p>[\/et_pb_cta][\/et_pb_column][\/et_pb_row][\/et_pb_section][et_pb_section admin_label=\u00bbSection\u00bb global_module=\u00bb4005&#8243; fullwidth=\u00bboff\u00bb specialty=\u00bboff\u00bb transparent_background=\u00bboff\u00bb allow_player_pause=\u00bboff\u00bb inner_shadow=\u00bboff\u00bb parallax=\u00bboff\u00bb parallax_method=\u00bboff\u00bb custom_padding=\u00bb0px||0px|\u00bb padding_mobile=\u00bbon\u00bb make_fullwidth=\u00bboff\u00bb use_custom_width=\u00bboff\u00bb width_unit=\u00bbon\u00bb make_equal=\u00bboff\u00bb use_custom_gutter=\u00bboff\u00bb background_color=\u00bb#86b5c7&#8243;][et_pb_row global_parent=\u00bb4005&#8243; admin_label=\u00bbRow\u00bb make_fullwidth=\u00bboff\u00bb use_custom_width=\u00bboff\u00bb width_unit=\u00bbon\u00bb use_custom_gutter=\u00bbon\u00bb gutter_width=\u00bb2&#8243; allow_player_pause=\u00bboff\u00bb parallax=\u00bboff\u00bb parallax_method=\u00bboff\u00bb make_equal=\u00bboff\u00bb parallax_1=\u00bboff\u00bb parallax_method_1=\u00bboff\u00bb column_padding_mobile=\u00bbon\u00bb custom_padding=\u00bb20px||20px|\u00bb parallax_2=\u00bboff\u00bb parallax_method_2=\u00bboff\u00bb parallax_3=\u00bboff\u00bb parallax_method_3=\u00bboff\u00bb][et_pb_column type=\u00bb1_2&#8243;][et_pb_text global_parent=\u00bb4005&#8243; admin_label=\u00bbText\u00bb background_layout=\u00bblight\u00bb text_orientation=\u00bbleft\u00bb text_font=\u00bbRaleway|on|||\u00bb text_font_size=\u00bb28&#8243; text_text_color=\u00bb#ffffff\u00bb text_line_height=\u00bb1.4em\u00bb use_border_color=\u00bboff\u00bb border_color=\u00bb#ffffff\u00bb border_style=\u00bbsolid\u00bb custom_margin=\u00bb||8px|\u00bb custom_css_main_element=\u00bbfont-weight: 900;\u00bb]<\/p>\n<h3>La maison d&#8217; Elise<\/h3>\n<p>[\/et_pb_text][et_pb_text global_parent=\u00bb4005&#8243; admin_label=\u00bbText\u00bb background_layout=\u00bbdark\u00bb text_orientation=\u00bbleft\u00bb text_font_size=\u00bb16&#8243; text_text_color=\u00bb#ffffff\u00bb text_line_height=\u00bb1.5em\u00bb use_border_color=\u00bboff\u00bb border_color=\u00bb#ffffff\u00bb border_style=\u00bbsolid\u00bb custom_padding=\u00bb0px|||\u00bb max_width=\u00bb300px\u00bb custom_margin=\u00bb||30px|\u00bb custom_margin_tablet=\u00bb||10px|\u00bb custom_margin_last_edited=\u00bbon|tablet\u00bb]&nbsp;<\/p>\n<h4> Casa de hu\u00e9spedes <\/h4>\n<h4>Estudio en Rennes le ch\u00e2teau<\/h4>\n<p><strong>Direcci\u00f3n : <\/strong><br \/>\nGrand rue<br \/>\n11 190 Rennes-le-Ch\u00e2teau<\/p>\n<p><strong>Tel\u00e9fono:<\/strong><br \/>\n+33 6  07 82 73 48<br \/>\n+33 4 68 20 66 72<br \/>\nReserva por tel\u00e9fono o <a href=\"https:\/\/www.la-maison-d-elise.fr\/es\/precios\/#reservation\"> formulario de contacto<\/a><br \/>\n[\/et_pb_text][\/et_pb_column][et_pb_column type=\u00bb1_4&#8243;][et_pb_text global_parent=\u00bb4005&#8243; admin_label=\u00bbText\u00bb background_layout=\u00bblight\u00bb text_orientation=\u00bbleft\u00bb text_font=\u00bbSource Sans Pro|on|||\u00bb text_font_size=\u00bb18&#8243; text_text_color=\u00bb#666666&#8243; text_line_height=\u00bb1.4em\u00bb use_border_color=\u00bboff\u00bb border_color=\u00bb#ffffff\u00bb border_style=\u00bbsolid\u00bb custom_margin=\u00bb||8px|\u00bb]<\/p>\n<h3>Para venir :<\/h3>\n<p>[\/et_pb_text][et_pb_text global_parent=\u00bb4005&#8243; admin_label=\u00bbText\u00bb background_layout=\u00bbdark\u00bb text_orientation=\u00bbleft\u00bb text_text_color=\u00bb#ffffff\u00bb text_line_height=\u00bb2.2em\u00bb use_border_color=\u00bboff\u00bb border_color=\u00bb#ffffff\u00bb border_style=\u00bbsolid\u00bb custom_padding=\u00bb0px|||\u00bb]<\/p>\n<p>En coche :<br \/> <a href=\"https:\/\/www.google.com\/maps\/place\/42%C2%B055'39.8%22N+2%C2%B015'48.1%22E\/@42.9277222,2.2628139,19z\/data=!3m1!4b1!4m5!3m4!1s0x0:0x0!8m2!3d42.927723!4d2.263356?hl=fr-FR\" target=\"_blank\">Google  maps<\/a><\/p>\n<p> En tren :<br \/> <a href=\"https:\/\/www.ter.sncf.com\/languedoc-roussillon\" target=\"_blank\">TER Languedoc Roussillon<\/a><\/p>\n<p> Por avi\u00f3n :<br \/> <a href=\"http:\/\/www.aeroport-carcassonne.com\/\" target=\"_blank\">Aeropuerto de Carcassonne<\/a><br \/> <a href=\"http:\/\/www.toulouse.aeroport.fr\/\" target=\"_blank\"> Aeropuerto de Toulouse <\/a><br \/> <a href=\"http:\/\/www.montpellier.aeroport.fr\/fr\/passagers\" target=\"_blank\"> Aeropuerto de Montpellier<\/a><\/p>\n<p>[\/et_pb_text][\/et_pb_column][et_pb_column type=\u00bb1_4&#8243;][et_pb_text global_parent=\u00bb4005&#8243; admin_label=\u00bbText\u00bb background_layout=\u00bblight\u00bb text_orientation=\u00bbcenter\u00bb text_font=\u00bbSource Sans Pro|on|||\u00bb text_font_size=\u00bb18&#8243; text_text_color=\u00bb#666666&#8243; text_line_height=\u00bb1.4em\u00bb use_border_color=\u00bboff\u00bb border_color=\u00bb#ffffff\u00bb border_style=\u00bbsolid\u00bb custom_margin=\u00bb||8px|\u00bb]<\/p>\n<h3>Encontrarnos en :<\/h3>\n<p>[\/et_pb_text][et_pb_text global_parent=\u00bb4005&#8243; admin_label=\u00bbText\u00bb background_layout=\u00bblight\u00bb text_orientation=\u00bbleft\u00bb text_font=\u00bbSource Sans Pro||||\u00bb text_font_size=\u00bb18&#8243; text_text_color=\u00bb#ffffff\u00bb text_line_height=\u00bb2.2em\u00bb use_border_color=\u00bboff\u00bb border_color=\u00bb#ffffff\u00bb border_style=\u00bbsolid\u00bb custom_padding=\u00bb0px|||\u00bb]<\/p>\n<p>\u00a0<br \/> \u00a0<br \/> <a href=\"https:\/\/www.facebook.com\/La-maison-dElise-1822420821345245\/\" target=\"_blank\"><img decoding=\"async\" loading=\"lazy\" class=\"size-full wp-image-301 aligncenter\" src=\"https:\/\/www.la-maison-d-elise.fr\/wp-content\/uploads\/2017\/02\/011.png\" alt=\"facebook la maison d'Elise Rennes le ch\u00e2teau\" width=\"15\" height=\"27\" \/><\/a><\/p>\n<p style=\"text-align: center;\">et Tripadvisor<\/p>\n<p>[\/et_pb_text][\/et_pb_column][\/et_pb_row][\/et_pb_section][et_pb_section admin_label=\u00bbSection\u00bb global_module=\u00bb4006&#8243; fullwidth=\u00bboff\u00bb specialty=\u00bboff\u00bb transparent_background=\u00bboff\u00bb allow_player_pause=\u00bboff\u00bb inner_shadow=\u00bboff\u00bb parallax=\u00bboff\u00bb parallax_method=\u00bboff\u00bb custom_padding=\u00bb0px||0px|\u00bb padding_mobile=\u00bbon\u00bb make_fullwidth=\u00bboff\u00bb use_custom_width=\u00bboff\u00bb width_unit=\u00bbon\u00bb make_equal=\u00bboff\u00bb use_custom_gutter=\u00bboff\u00bb][et_pb_row global_parent=\u00bb4006&#8243; admin_label=\u00bbRow\u00bb make_fullwidth=\u00bbon\u00bb use_custom_width=\u00bboff\u00bb width_unit=\u00bbon\u00bb use_custom_gutter=\u00bbon\u00bb gutter_width=\u00bb1&#8243; padding_mobile=\u00bbon\u00bb allow_player_pause=\u00bboff\u00bb parallax=\u00bboff\u00bb parallax_method=\u00bboff\u00bb make_equal=\u00bboff\u00bb parallax_1=\u00bboff\u00bb parallax_method_1=\u00bboff\u00bb column_padding_mobile=\u00bbon\u00bb custom_padding=\u00bb0px||0px|\u00bb][et_pb_column type=\u00bb4_4&#8243;][et_pb_map global_parent=\u00bb4006&#8243; admin_label=\u00bbMap\u00bb address=\u00bbGrand Rue, 11190 Rennes-le-Ch\u00e2teau, France\u00bb zoom_level=\u00bb16&#8243; address_lat=\u00bb42.927689329885375&#8243; address_lng=\u00bb2.2633710324019995&#8243; mouse_wheel=\u00bboff\u00bb use_grayscale_filter=\u00bboff\u00bb grayscale_filter_amount=\u00bb100&#8243; mobile_dragging=\u00bbon\u00bb]<\/p>\n<p>[et_pb_map_pin pin_address=\u00bb19 Grand Rue, 11190 Rennes-le-Ch\u00e2teau, France\u00bb pin_address_lat=\u00bb42.927699504702744&#8243; pin_address_lng=\u00bb2.2633190853194947&#8243; title=\u00bbLa maison d&#8217;Elise\u00bb] [\/et_pb_map_pin]<\/p>\n<p>[\/et_pb_map][\/et_pb_column][\/et_pb_row][\/et_pb_section]<\/p>\n","protected":false},"excerpt":{"rendered":"<p>El estudio a la maison d&#8217;Elise &nbsp; Ofrece la posibilidad de alquilar un estudio en la semana una capacidad de cuatro. La entrada al estudio es a trav\u00e9s de la calle principal en frente del Castillo. Est\u00e1 totalmente equipado para ofrecerle la mayor comodidad posible. Se compone de la planta baja de una agradable sala [&hellip;]<\/p>\n","protected":false},"author":1,"featured_media":0,"parent":0,"menu_order":0,"comment_status":"closed","ping_status":"closed","template":"","meta":{"_et_pb_use_builder":"on","_et_pb_old_content":"","_et_gb_content_width":""},"aioseo_notices":[],"_links":{"self":[{"href":"https:\/\/www.la-maison-d-elise.fr\/es\/wp-json\/wp\/v2\/pages\/4354"}],"collection":[{"href":"https:\/\/www.la-maison-d-elise.fr\/es\/wp-json\/wp\/v2\/pages"}],"about":[{"href":"https:\/\/www.la-maison-d-elise.fr\/es\/wp-json\/wp\/v2\/types\/page"}],"author":[{"embeddable":true,"href":"https:\/\/www.la-maison-d-elise.fr\/es\/wp-json\/wp\/v2\/users\/1"}],"replies":[{"embeddable":true,"href":"https:\/\/www.la-maison-d-elise.fr\/es\/wp-json\/wp\/v2\/comments?post=4354"}],"version-history":[{"count":0,"href":"https:\/\/www.la-maison-d-elise.fr\/es\/wp-json\/wp\/v2\/pages\/4354\/revisions"}],"wp:attachment":[{"href":"https:\/\/www.la-maison-d-elise.fr\/es\/wp-json\/wp\/v2\/media?parent=4354"}],"curies":[{"name":"wp","href":"https:\/\/api.w.org\/{rel}","templated":true}]}}