{"id":4367,"date":"2017-02-05T18:59:41","date_gmt":"2017-02-05T17:59:41","guid":{"rendered":"https:\/\/www.la-maison-d-elise.fr\/precios\/"},"modified":"2017-07-20T15:51:45","modified_gmt":"2017-07-20T13:51:45","slug":"precios","status":"publish","type":"page","link":"https:\/\/www.la-maison-d-elise.fr\/es\/precios\/","title":{"rendered":"Precios"},"content":{"rendered":"<p>[et_pb_section bb_built=\u00bb1&#8243; admin_label=\u00bbsection\u00bb][et_pb_row admin_label=\u00bbrow\u00bb background_position=\u00bbtop_left\u00bb background_repeat=\u00bbrepeat\u00bb background_size=\u00bbinitial\u00bb][et_pb_column type=\u00bb4_4&#8243;][et_pb_text admin_label=\u00bbText\u00bb background_layout=\u00bblight\u00bb text_orientation=\u00bbleft\u00bb border_style=\u00bbsolid\u00bb background_position=\u00bbtop_left\u00bb background_repeat=\u00bbrepeat\u00bb background_size=\u00bbinitial\u00bb _builder_version=\u00bb3.0.64&#8243;]<\/p>\n<h1>Precios de las habitaciones y el estudio<\/h1>\n\n<p>Cama de complemento\u00a0ni\u00f1o : 15 euros<\/p>\n<p>El precio no incluye el impuesto de turismo que asciende a \u20ac 0.60 \/ d\u00eda por persona<br \/>\nLas tarifas no incluyen el desayuno.<br \/>\n30 euros de dep\u00f3sito se abona para confirmar la reserva.<\/p>\n<p>&nbsp;<\/p>\n<p>El desayuno es posible con un precio de 6 euros por persona por d\u00eda. Incluye: caf\u00e9, t\u00e9, chocolate, zumo de frutas, pasteles, pan fresco, mantequilla, mermelada.<\/p>\n<p>* El estudio debe retornarse limpia (todo lo que necesita est\u00e1 disponible en el sitio). De lo contrario, se cobrar\u00e1 la limpieza de 60 euros. Si no desea limpiar, el precio es de 60 euros m\u00e1s el precio de la casa para la semana.<\/p>\n<p>[\/et_pb_text][\/et_pb_column][\/et_pb_row][et_pb_row admin_label=\u00bbRow\u00bb make_fullwidth=\u00bboff\u00bb use_custom_width=\u00bboff\u00bb width_unit=\u00bbon\u00bb use_custom_gutter=\u00bboff\u00bb allow_player_pause=\u00bboff\u00bb parallax=\u00bboff\u00bb parallax_method=\u00bboff\u00bb make_equal=\u00bboff\u00bb parallax_1=\u00bboff\u00bb parallax_method_1=\u00bboff\u00bb module_id=\u00bbreservation\u00bb background_position=\u00bbtop_left\u00bb background_repeat=\u00bbrepeat\u00bb background_size=\u00bbinitial\u00bb][et_pb_column type=\u00bb4_4&#8243;][et_pb_text admin_label=\u00bbText\u00bb background_layout=\u00bblight\u00bb text_orientation=\u00bbleft\u00bb use_border_color=\u00bboff\u00bb border_color=\u00bb#ffffff\u00bb border_style=\u00bbsolid\u00bb background_position=\u00bbtop_left\u00bb background_repeat=\u00bbrepeat\u00bb background_size=\u00bbinitial\u00bb]<\/p>\n<h2>desea reservar, ll\u00e1menos o env\u00edenos un mensaje.<\/h2>\n<p><em> Los campos marcados con un * son obligatorios. <\/em><\/p>\n<p>\n<div class=\"wpcf7 no-js\" id=\"wpcf7-f4502-o1\" lang=\"fr-FR\" dir=\"ltr\">\n<div class=\"screen-reader-response\"><p role=\"status\" aria-live=\"polite\" aria-atomic=\"true\"><\/p> <ul><\/ul><\/div>\n<form action=\"\/es\/wp-json\/wp\/v2\/pages\/4367#wpcf7-f4502-o1\" method=\"post\" class=\"wpcf7-form init\" aria-label=\"Formulaire de contact\" novalidate=\"novalidate\" data-status=\"init\">\n<div style=\"display: none;\">\n<input type=\"hidden\" name=\"_wpcf7\" value=\"4502\" \/>\n<input type=\"hidden\" name=\"_wpcf7_version\" value=\"5.7.6\" \/>\n<input type=\"hidden\" name=\"_wpcf7_locale\" value=\"fr_FR\" \/>\n<input type=\"hidden\" name=\"_wpcf7_unit_tag\" value=\"wpcf7-f4502-o1\" \/>\n<input type=\"hidden\" name=\"_wpcf7_container_post\" value=\"0\" \/>\n<input type=\"hidden\" name=\"_wpcf7_posted_data_hash\" value=\"\" \/>\n<input type=\"hidden\" name=\"_wpcf7_recaptcha_response\" value=\"\" \/>\n<\/div>\n<p><label> Apellido*<br \/>\n<span class=\"wpcf7-form-control-wrap\" data-name=\"your-name\"><input size=\"40\" class=\"wpcf7-form-control wpcf7-text wpcf7-validates-as-required\" aria-required=\"true\" aria-invalid=\"false\" value=\"\" type=\"text\" name=\"your-name\" \/><\/span> <\/label>\n<\/p>\n<p><label> Email*<br \/>\n<span class=\"wpcf7-form-control-wrap\" data-name=\"your-email\"><input size=\"40\" class=\"wpcf7-form-control wpcf7-text wpcf7-email wpcf7-validates-as-required wpcf7-validates-as-email\" aria-required=\"true\" aria-invalid=\"false\" value=\"\" type=\"email\" name=\"your-email\" \/><\/span> <\/label>\n<\/p>\n<p><label>N\u00famero de persona(s) : <span class=\"wpcf7-form-control-wrap\" data-name=\"menu-11\"><select class=\"wpcf7-form-control wpcf7-select wpcf7-validates-as-required\" aria-required=\"true\" aria-invalid=\"false\" name=\"menu-11\"><option value=\"1\">1<\/option><option value=\"2\">2<\/option><option value=\"3\">3<\/option><option value=\"4\">4<\/option><\/select><\/span> <\/label>\n<\/p>\n<p><label> Fecha de llegada <span class=\"wpcf7-form-control-wrap\" data-name=\"date-729\"><input class=\"wpcf7-form-control wpcf7-date wpcf7-validates-as-date\" aria-invalid=\"false\" value=\"\" type=\"date\" name=\"date-729\" \/><\/span><\/label>\n<\/p>\n<p><label> Fecha de salida <span class=\"wpcf7-form-control-wrap\" data-name=\"date-297\"><input class=\"wpcf7-form-control wpcf7-date wpcf7-validates-as-date\" aria-invalid=\"false\" value=\"\" type=\"date\" name=\"date-297\" \/><\/span><\/label>\n<\/p>\n<p><label> Mensaje<br \/>\n<span class=\"wpcf7-form-control-wrap\" data-name=\"your-message\"><textarea cols=\"40\" rows=\"10\" class=\"wpcf7-form-control wpcf7-textarea\" aria-invalid=\"false\" name=\"your-message\"><\/textarea><\/span> <\/label>\n<\/p>\n<p><input class=\"wpcf7-form-control has-spinner wpcf7-submit et_pb_promo_button et_pb_button\" type=\"submit\" value=\"Enviar\" \/>\n<\/p><div class=\"wpcf7-response-output\" aria-hidden=\"true\"><\/div>\n<\/form>\n<\/div>\n [\/et_pb_text][\/et_pb_column][\/et_pb_row][\/et_pb_section][et_pb_section bb_built=\u00bb1&#8243; fullwidth=\u00bboff\u00bb specialty=\u00bboff\u00bb transparent_background=\u00bboff\u00bb allow_player_pause=\u00bboff\u00bb inner_shadow=\u00bboff\u00bb parallax=\u00bboff\u00bb parallax_method=\u00bboff\u00bb custom_padding=\u00bb0px||0px|\u00bb padding_mobile=\u00bbon\u00bb make_fullwidth=\u00bboff\u00bb use_custom_width=\u00bboff\u00bb width_unit=\u00bbon\u00bb make_equal=\u00bboff\u00bb use_custom_gutter=\u00bboff\u00bb background_color=\u00bb#86b5c7&#8243;][et_pb_row admin_label=\u00bbRow\u00bb make_fullwidth=\u00bboff\u00bb use_custom_width=\u00bboff\u00bb width_unit=\u00bbon\u00bb use_custom_gutter=\u00bbon\u00bb gutter_width=\u00bb2&#8243; allow_player_pause=\u00bboff\u00bb parallax=\u00bboff\u00bb parallax_method=\u00bboff\u00bb make_equal=\u00bboff\u00bb parallax_1=\u00bboff\u00bb parallax_method_1=\u00bboff\u00bb column_padding_mobile=\u00bbon\u00bb custom_padding=\u00bb20px||20px|\u00bb parallax_2=\u00bboff\u00bb parallax_method_2=\u00bboff\u00bb parallax_3=\u00bboff\u00bb parallax_method_3=\u00bboff\u00bb background_position=\u00bbtop_left\u00bb background_repeat=\u00bbrepeat\u00bb background_size=\u00bbinitial\u00bb][et_pb_column type=\u00bb1_2&#8243;][et_pb_text admin_label=\u00bbText\u00bb background_layout=\u00bblight\u00bb text_orientation=\u00bbleft\u00bb text_font=\u00bbRaleway|on|||\u00bb text_font_size=\u00bb28&#8243; text_text_color=\u00bb#ffffff\u00bb text_line_height=\u00bb1.4em\u00bb use_border_color=\u00bboff\u00bb border_color=\u00bb#ffffff\u00bb border_style=\u00bbsolid\u00bb custom_margin=\u00bb||8px|\u00bb custom_css_main_element=\u00bbfont-weight: 900;\u00bb background_position=\u00bbtop_left\u00bb background_repeat=\u00bbrepeat\u00bb background_size=\u00bbinitial\u00bb]<\/p>\n<h3>La maison d&#8217; Elise<\/h3>\n<p>[\/et_pb_text][et_pb_text admin_label=\u00bbText\u00bb background_layout=\u00bbdark\u00bb text_orientation=\u00bbleft\u00bb text_font_size=\u00bb16&#8243; text_text_color=\u00bb#ffffff\u00bb text_line_height=\u00bb1.5em\u00bb use_border_color=\u00bboff\u00bb border_color=\u00bb#ffffff\u00bb border_style=\u00bbsolid\u00bb custom_padding=\u00bb0px|||\u00bb max_width=\u00bb300px\u00bb custom_margin=\u00bb||30px|\u00bb custom_margin_tablet=\u00bb||10px|\u00bb custom_margin_last_edited=\u00bbon|tablet\u00bb background_position=\u00bbtop_left\u00bb background_repeat=\u00bbrepeat\u00bb background_size=\u00bbinitial\u00bb]<\/p>\n<h4>Casa de hu\u00e9spedes<\/h4>\n<h4>Estudio en Rennes le ch\u00e2teau<\/h4>\n<p><strong>Direcci\u00f3n : <\/strong><br \/>\nGrand rue<br \/>\n11 190 Rennes-le-Ch\u00e2teau<\/p>\n<p><strong>Tel\u00e9fono:<\/strong><br \/>\n+33 6 07 82 73 48<br \/>\n+33 4 68 20 66 72<br \/>\nReserva por tel\u00e9fono o <a href=\"https:\/\/www.la-maison-d-elise.fr\/es\/precios\/#reservation\"> formulario de contacto<\/a><br \/>\n[\/et_pb_text][\/et_pb_column][et_pb_column type=\u00bb1_4&#8243;][et_pb_text admin_label=\u00bbText\u00bb background_layout=\u00bblight\u00bb text_orientation=\u00bbleft\u00bb text_font=\u00bbSource Sans Pro|on|||\u00bb text_font_size=\u00bb18&#8243; text_text_color=\u00bb#666666&#8243; text_line_height=\u00bb1.4em\u00bb use_border_color=\u00bboff\u00bb border_color=\u00bb#ffffff\u00bb border_style=\u00bbsolid\u00bb custom_margin=\u00bb||8px|\u00bb background_position=\u00bbtop_left\u00bb background_repeat=\u00bbrepeat\u00bb background_size=\u00bbinitial\u00bb]<\/p>\n<h3>Para venir :<\/h3>\n<p>[\/et_pb_text][et_pb_text admin_label=\u00bbText\u00bb background_layout=\u00bbdark\u00bb text_orientation=\u00bbleft\u00bb text_text_color=\u00bb#ffffff\u00bb text_line_height=\u00bb2.2em\u00bb use_border_color=\u00bboff\u00bb border_color=\u00bb#ffffff\u00bb border_style=\u00bbsolid\u00bb custom_padding=\u00bb0px|||\u00bb background_position=\u00bbtop_left\u00bb background_repeat=\u00bbrepeat\u00bb background_size=\u00bbinitial\u00bb]<\/p>\n<p>En coche :<br \/>\n<a href=\"https:\/\/www.google.com\/maps\/place\/42%C2%B055'39.8%22N+2%C2%B015'48.1%22E\/@42.9277222,2.2628139,19z\/data=!3m1!4b1!4m5!3m4!1s0x0:0x0!8m2!3d42.927723!4d2.263356?hl=fr-FR\" target=\"_blank\" rel=\"noopener\">Google maps<\/a><\/p>\n<p>En tren :<br \/>\n<a href=\"https:\/\/www.ter.sncf.com\/languedoc-roussillon\" target=\"_blank\" rel=\"noopener\">TER Languedoc Roussillon<\/a><\/p>\n<p>Por avi\u00f3n :<br \/>\n<a href=\"http:\/\/www.aeroport-carcassonne.com\/\" target=\"_blank\" rel=\"noopener\">Aeropuerto de Carcassonne<\/a><br \/>\n<a href=\"http:\/\/www.toulouse.aeroport.fr\/\" target=\"_blank\" rel=\"noopener\"> Aeropuerto de Toulouse <\/a><br \/>\n<a href=\"http:\/\/www.montpellier.aeroport.fr\/fr\/passagers\" target=\"_blank\" rel=\"noopener\"> Aeropuerto de Montpellier<\/a><\/p>\n<p>[\/et_pb_text][\/et_pb_column][et_pb_column type=\u00bb1_4&#8243;][et_pb_text admin_label=\u00bbText\u00bb background_layout=\u00bblight\u00bb text_orientation=\u00bbcenter\u00bb text_font=\u00bbSource Sans Pro|on|||\u00bb text_font_size=\u00bb18&#8243; text_text_color=\u00bb#666666&#8243; text_line_height=\u00bb1.4em\u00bb use_border_color=\u00bboff\u00bb border_color=\u00bb#ffffff\u00bb border_style=\u00bbsolid\u00bb custom_margin=\u00bb||8px|\u00bb background_position=\u00bbtop_left\u00bb background_repeat=\u00bbrepeat\u00bb background_size=\u00bbinitial\u00bb]<\/p>\n<h3>Encontrarnos en :<\/h3>\n<p>[\/et_pb_text][et_pb_text admin_label=\u00bbText\u00bb background_layout=\u00bblight\u00bb text_orientation=\u00bbleft\u00bb text_font=\u00bbSource Sans Pro||||\u00bb text_font_size=\u00bb18&#8243; text_text_color=\u00bb#ffffff\u00bb text_line_height=\u00bb2.2em\u00bb use_border_color=\u00bboff\u00bb border_color=\u00bb#ffffff\u00bb border_style=\u00bbsolid\u00bb custom_padding=\u00bb0px|||\u00bb background_position=\u00bbtop_left\u00bb background_repeat=\u00bbrepeat\u00bb background_size=\u00bbinitial\u00bb] <a href=\"https:\/\/www.facebook.com\/La-maison-dElise-1822420821345245\/\" target=\"_blank\" rel=\"noopener\"><img decoding=\"async\" loading=\"lazy\" class=\"size-full wp-image-301 aligncenter\" src=\"https:\/\/www.la-maison-d-elise.fr\/wp-content\/uploads\/2017\/02\/011.png\" alt=\"facebook la maison d'Elise Rennes le ch\u00e2teau\" width=\"15\" height=\"27\" \/><\/a><\/p>\n<p style=\"text-align: center;\"><a title=\"Chambres d'hotes Aude\" href=\"http:\/\/www.annuairechambresdhotes.com\/aude\" target=\"_blank\" rel=\"noopener\">Chambres d&#8217;hotes Aude<\/a><\/p>\n<p style=\"text-align: center;\"><a href=\"http:\/\/www.chambresdhotes.org\" target=\"_blank\" rel=\"noopener\">Chambres d&#8217;hotes.org<\/a><\/p>\n<p>[\/et_pb_text][\/et_pb_column][\/et_pb_row][\/et_pb_section][et_pb_section bb_built=\u00bb1&#8243; fullwidth=\u00bboff\u00bb specialty=\u00bboff\u00bb transparent_background=\u00bboff\u00bb allow_player_pause=\u00bboff\u00bb inner_shadow=\u00bboff\u00bb parallax=\u00bboff\u00bb parallax_method=\u00bboff\u00bb custom_padding=\u00bb0px||0px|\u00bb padding_mobile=\u00bbon\u00bb make_fullwidth=\u00bboff\u00bb use_custom_width=\u00bboff\u00bb width_unit=\u00bbon\u00bb make_equal=\u00bboff\u00bb use_custom_gutter=\u00bboff\u00bb][et_pb_row admin_label=\u00bbRow\u00bb make_fullwidth=\u00bbon\u00bb use_custom_width=\u00bboff\u00bb width_unit=\u00bbon\u00bb use_custom_gutter=\u00bbon\u00bb gutter_width=\u00bb1&#8243; padding_mobile=\u00bbon\u00bb allow_player_pause=\u00bboff\u00bb parallax=\u00bboff\u00bb parallax_method=\u00bboff\u00bb make_equal=\u00bboff\u00bb parallax_1=\u00bboff\u00bb parallax_method_1=\u00bboff\u00bb column_padding_mobile=\u00bbon\u00bb custom_padding=\u00bb0px||0px|\u00bb background_position=\u00bbtop_left\u00bb background_repeat=\u00bbrepeat\u00bb background_size=\u00bbinitial\u00bb][et_pb_column type=\u00bb4_4&#8243;][et_pb_map admin_label=\u00bbMap\u00bb address=\u00bbGrand Rue, 11190 Rennes-le-Ch\u00e2teau, France\u00bb zoom_level=\u00bb16&#8243; address_lat=\u00bb42.927689329885375&#8243; address_lng=\u00bb2.2633710324019995&#8243; mouse_wheel=\u00bboff\u00bb use_grayscale_filter=\u00bboff\u00bb grayscale_filter_amount=\u00bb100&#8243; mobile_dragging=\u00bbon\u00bb] [et_pb_map_pin pin_address=\u00bb19 Grand Rue, 11190 Rennes-le-Ch\u00e2teau, France\u00bb pin_address_lat=\u00bb42.927699504702744&#8243; pin_address_lng=\u00bb2.2633190853194947&#8243; title=\u00bbLa maison d&#8217;Elise\u00bb] [\/et_pb_map_pin] [\/et_pb_map][\/et_pb_column][\/et_pb_row][\/et_pb_section]<\/p>\n","protected":false},"excerpt":{"rendered":"<p>Precios de las habitaciones y el estudio  Cama de complemento\u00a0ni\u00f1o : 15 euros El precio no incluye el impuesto de turismo que asciende a \u20ac 0.60 \/ d\u00eda por persona Las tarifas no incluyen el desayuno. 30 euros de dep\u00f3sito se abona para confirmar la reserva. &nbsp; El desayuno es posible con [&hellip;]<\/p>\n","protected":false},"author":1,"featured_media":0,"parent":0,"menu_order":0,"comment_status":"closed","ping_status":"closed","template":"","meta":{"_et_pb_use_builder":"on","_et_pb_old_content":"","_et_gb_content_width":""},"aioseo_notices":[],"_links":{"self":[{"href":"https:\/\/www.la-maison-d-elise.fr\/es\/wp-json\/wp\/v2\/pages\/4367"}],"collection":[{"href":"https:\/\/www.la-maison-d-elise.fr\/es\/wp-json\/wp\/v2\/pages"}],"about":[{"href":"https:\/\/www.la-maison-d-elise.fr\/es\/wp-json\/wp\/v2\/types\/page"}],"author":[{"embeddable":true,"href":"https:\/\/www.la-maison-d-elise.fr\/es\/wp-json\/wp\/v2\/users\/1"}],"replies":[{"embeddable":true,"href":"https:\/\/www.la-maison-d-elise.fr\/es\/wp-json\/wp\/v2\/comments?post=4367"}],"version-history":[{"count":14,"href":"https:\/\/www.la-maison-d-elise.fr\/es\/wp-json\/wp\/v2\/pages\/4367\/revisions"}],"predecessor-version":[{"id":4553,"href":"https:\/\/www.la-maison-d-elise.fr\/es\/wp-json\/wp\/v2\/pages\/4367\/revisions\/4553"}],"wp:attachment":[{"href":"https:\/\/www.la-maison-d-elise.fr\/es\/wp-json\/wp\/v2\/media?parent=4367"}],"curies":[{"name":"wp","href":"https:\/\/api.w.org\/{rel}","templated":true}]}}